{"id":3664,"date":"2021-11-17T11:35:13","date_gmt":"2021-11-17T09:35:13","guid":{"rendered":"https:\/\/staging.connect2us.eu\/prejuges-discrimination-racisme\/"},"modified":"2024-10-01T16:06:34","modified_gmt":"2024-10-01T14:06:34","slug":"prejuges-discrimination-racisme","status":"publish","type":"page","link":"https:\/\/connect2us.eu\/fr\/prejuges-discrimination-racisme\/","title":{"rendered":"Pr\u00e9jug\u00e9s, discrimination, racisme"},"content":{"rendered":"\n<p>Connect2Us rend les pr\u00e9jug\u00e9s n\u00e9gociables.\nLorsqu&rsquo;il s&rsquo;agit de rencontres entre des personnes issues de milieux culturels diff\u00e9rents, il est souvent crucial de tenir compte de l&rsquo;influence du racisme institutionnel.\nCe syst\u00e8me am\u00e8ne les Blancs, qu&rsquo;ils soient consciemment et explicitement racistes ou non, \u00e0 int\u00e9rioriser d\u00e8s leur plus jeune \u00e2ge toutes sortes de pr\u00e9jug\u00e9s \u00e0 l&rsquo;encontre des personnes de couleur.\nIl incombe aux Blancs de travailler dur tout au long de leur vie pour d\u00e9manteler ces pr\u00e9jug\u00e9s. Ce n&rsquo;est qu&rsquo;ainsi que nous pourrons garantir que les personnes de couleur ne sont plus syst\u00e9matiquement opprim\u00e9es, que ce soit sur le march\u00e9 du travail, \u00e0 l&rsquo;\u00e9cole, dans les m\u00e9dias, dans les magasins ou dans la rue.\nUne \u00e9tape importante consiste \u00e0 reconna\u00eetre que nous, dans la soci\u00e9t\u00e9 n\u00e9erlandaise, avons tous adopt\u00e9 certaines mentalit\u00e9s racistes.\nCela ne signifie pas que nous sommes tous de m\u00e9chants racistes, mais simplement que nous avons grandi dans une soci\u00e9t\u00e9 raciste.     <\/p>\n\n<p>Ainsi, dans une rencontre entre une femme qui vient d&rsquo;\u00e9migrer du Suriname et un homme blanc n\u00e9 et \u00e9lev\u00e9 aux Pays-Bas, ce ne sont pas seulement les diff\u00e9rentes dimensions des cultures n\u00e9erlandaise et surinamaise qui entrent en jeu.\nIn\u00e9vitablement, l&rsquo;histoire s\u00e9culaire du racisme anti-noir affecte \u00e9galement leur interaction d&rsquo;une mani\u00e8re ou d&rsquo;une autre.\nLorsque l&rsquo;homme blanc traite la femme surinamaise de bruyante et d&rsquo;arriviste, par exemple, il ne dit pas seulement quelque chose sur la nature per\u00e7ue des Surinamiens, mais il rappelle aussi un dangereux st\u00e9r\u00e9otype sur les femmes noires qui a \u00e9t\u00e9 reproduit pendant des si\u00e8cles et qui d\u00e9shumanise les femmes noires.  <\/p>\n\n<p>Il ne s&rsquo;agit pas des pr\u00e9jug\u00e9s en g\u00e9n\u00e9ral.\nVous ne pouvez pas simplement comparer le racisme int\u00e9rioris\u00e9 avec, par exemple, les pr\u00e9jug\u00e9s qui affectent l&rsquo;interaction entre un homme blanc polonais et une femme blanche allemande.\nM\u00eame si l&rsquo;Allemande blanche dit : \u00ab\u00a0Tous les Polonais sont paresseux et c&rsquo;est pourquoi vous n&rsquo;obtiendrez pas ce travail\u00a0\u00bb. Pour comprendre pourquoi les interactions entre personnes blanches et personnes de couleur ne sont pas comparables aux interactions entre personnes blanches uniquement, il est utile d&rsquo;examiner la diff\u00e9rence entre les pr\u00e9jug\u00e9s, la discrimination et le racisme.  <\/p>\n\n<p>Un pr\u00e9jug\u00e9 est un jugement que nous portons sur une personne en fonction du groupe social auquel elle appartient.\nUn pr\u00e9jug\u00e9 peut consister en des sentiments, des pens\u00e9es, des st\u00e9r\u00e9otypes et des g\u00e9n\u00e9ralisations.\nTout \u00eatre humain a des pr\u00e9jug\u00e9s.\nLa discrimination est une action bas\u00e9e sur ces pr\u00e9jug\u00e9s.\nPensez \u00e0 ignorer quelqu&rsquo;un, \u00e0 l&rsquo;exclure, \u00e0 le menacer, \u00e0 le ridiculiser et \u00e0 lui faire violence.\nSi nous ressentons de la haine \u00e0 cause d&rsquo;un pr\u00e9jug\u00e9, nous pouvons l&rsquo;exprimer par un comportement discriminatoire.\nLa discrimination peut \u00eatre tr\u00e8s \u00e9vidente ou subtile.\nNous pratiquons tous la discrimination, consciemment ou inconsciemment, \u00e0 certains moments, en raison des pr\u00e9jug\u00e9s (conscients et inconscients) que nous avons \u00e0 l&rsquo;\u00e9gard d&rsquo;autres personnes.\nLorsque les pr\u00e9jug\u00e9s d&rsquo;un groupe sont soutenus par l&rsquo;autorit\u00e9 l\u00e9gale et le contr\u00f4le institutionnel, cela devient du racisme : un syst\u00e8me qui fonctionne ind\u00e9pendamment des intentions des individus et qui se perp\u00e9tue automatiquement.\nLe racisme est une structure, pas un \u00e9v\u00e9nement isol\u00e9.\nC&rsquo;est pourquoi le \u00ab\u00a0racisme invers\u00e9\u00a0\u00bb, c&rsquo;est-\u00e0-dire le racisme des personnes de couleur envers les personnes blanches, n&rsquo;existe pas.\nDes moments isol\u00e9s de discrimination \u00e0 l&rsquo;\u00e9gard des personnes blanches peuvent certes se produire, mais cette discrimination ne fait pas partie d&rsquo;un syst\u00e8me plus large qui opprime les personnes blanches et fait qu&rsquo;elles ont, par exemple, moins de chances d&rsquo;\u00eatre embauch\u00e9es pour un emploi et qu&rsquo;elles sont constamment sous-\u00e9valu\u00e9es \u00e0 l&rsquo;\u00e9cole.\nL&rsquo;impact de la discrimination \u00e0 l&rsquo;\u00e9gard des personnes blanches est temporaire et contextuel et n&rsquo;est pas li\u00e9 au pouvoir social et institutionnel.            <\/p>\n\n<p><\/p>\n","protected":false},"excerpt":{"rendered":"<p>Connect2Us rend les pr\u00e9jug\u00e9s n\u00e9gociables. Lorsqu&rsquo;il s&rsquo;agit de rencontres entre des personnes issues de milieux culturels diff\u00e9rents, il est souvent crucial de tenir compte de l&rsquo;influence du racisme institutionnel. Ce syst\u00e8me am\u00e8ne les Blancs, qu&rsquo;ils soient consciemment et explicitement racistes ou non, \u00e0 int\u00e9rioriser d\u00e8s leur plus jeune \u00e2ge toutes sortes de pr\u00e9jug\u00e9s \u00e0 l&rsquo;encontre [&hellip;]<\/p>\n","protected":false},"author":3,"featured_media":0,"parent":0,"menu_order":0,"comment_status":"closed","ping_status":"closed","template":"","meta":{"_vp_format_video_url":"","_vp_image_focal_point":[],"footnotes":""},"class_list":["post-3664","page","type-page","status-publish","hentry"],"blocksy_meta":[],"_links":{"self":[{"href":"https:\/\/connect2us.eu\/fr\/wp-json\/wp\/v2\/pages\/3664","targetHints":{"allow":["GET"]}}],"collection":[{"href":"https:\/\/connect2us.eu\/fr\/wp-json\/wp\/v2\/pages"}],"about":[{"href":"https:\/\/connect2us.eu\/fr\/wp-json\/wp\/v2\/types\/page"}],"author":[{"embeddable":true,"href":"https:\/\/connect2us.eu\/fr\/wp-json\/wp\/v2\/users\/3"}],"replies":[{"embeddable":true,"href":"https:\/\/connect2us.eu\/fr\/wp-json\/wp\/v2\/comments?post=3664"}],"version-history":[{"count":2,"href":"https:\/\/connect2us.eu\/fr\/wp-json\/wp\/v2\/pages\/3664\/revisions"}],"predecessor-version":[{"id":3671,"href":"https:\/\/connect2us.eu\/fr\/wp-json\/wp\/v2\/pages\/3664\/revisions\/3671"}],"wp:attachment":[{"href":"https:\/\/connect2us.eu\/fr\/wp-json\/wp\/v2\/media?parent=3664"}],"curies":[{"name":"wp","href":"https:\/\/api.w.org\/{rel}","templated":true}]}}